{"id":1397,"date":"2021-10-12T12:55:26","date_gmt":"2021-10-12T16:55:26","guid":{"rendered":"https:\/\/cclet.org\/?page_id=1397"},"modified":"2021-11-08T17:05:04","modified_gmt":"2021-11-08T22:05:04","slug":"rightsroadshow-nb","status":"publish","type":"page","link":"https:\/\/cclet.org\/fr\/rightsroadshow-nb\/","title":{"rendered":"Conf\u00e9rence de Borovoy au Nouveau-Brunswick"},"content":{"rendered":"<div id=\"fws_69f319ddaffdf\"  data-column-margin=\"default\" data-midnight=\"dark\"  class=\"wpb_row vc_row-fluid vc_row full-width-content vc_row-o-equal-height vc_row-flex vc_row-o-content-middle\"  style=\"padding-top: 0px; padding-bottom: 0px; \"><div class=\"row-bg-wrap\" data-bg-animation=\"none\" data-bg-animation-delay=\"\" data-bg-overlay=\"true\"><div class=\"inner-wrap row-bg-layer using-image\" ><div class=\"row-bg viewport-desktop using-image using-bg-color\"  style=\"background-image: url(https:\/\/cclet.org\/wp-content\/uploads\/2021\/10\/video-conference-grey-1920.jpg); background-position: center center; background-repeat: no-repeat; background-color: #ffffff; \"><\/div><\/div><div class=\"row-bg-overlay row-bg-layer\" style=\"background-color:#00293b;  opacity: 0.8; \"><\/div><\/div><div class=\"row_col_wrap_12 col span_12 dark left\">\n\t<div  class=\"vc_col-sm-6 vc_hidden-sm vc_hidden-xs wpb_column column_container vc_column_container col padding-10-percent inherit_tablet inherit_phone\"  data-padding-pos=\"top-bottom\" data-has-bg-color=\"false\" data-bg-color=\"\" data-bg-opacity=\"1\" data-animation=\"\" data-delay=\"0\" >\n\t\t<div class=\"vc_column-inner\" >\n\t\t\t<div class=\"wpb_wrapper\">\n\t\t\t\t<div class=\"divider-wrap\" data-alignment=\"default\"><div style=\"height: 150px;\" class=\"divider\"><\/div><\/div>\n\t\t\t<\/div> \n\t\t<\/div>\n\t<\/div> \n\n\t<div  class=\"vc_col-sm-6 wpb_column column_container vc_column_container col no-extra-padding force-tablet-text-align-center force-phone-text-align-center inherit_tablet padding-4-percent_phone\"  data-padding-pos=\"all\" data-has-bg-color=\"false\" data-bg-color=\"\" data-bg-opacity=\"1\" data-animation=\"\" data-delay=\"0\" >\n\t\t<div class=\"vc_column-inner\" >\n\t\t\t<div class=\"wpb_wrapper\">\n\t\t\t\t<div class=\"img-with-aniamtion-wrap\" data-max-width=\"100%\" data-max-width-mobile=\"default\" data-shadow=\"none\" data-animation=\"fade-in\" >\n      <div class=\"inner\">\n        <div class=\"hover-wrap\"> \n          <div class=\"hover-wrap-inner\">\n            <img loading=\"lazy\" decoding=\"async\" class=\"img-with-animation skip-lazy\" data-delay=\"0\" height=\"228\" width=\"491\" data-animation=\"fade-in\" src=\"https:\/\/cclet.org\/wp-content\/uploads\/2021\/10\/ccla-logo-reverse-rgb-491px@72ppi.png\" alt=\"\" srcset=\"https:\/\/cclet.org\/wp-content\/uploads\/2021\/10\/ccla-logo-reverse-rgb-491px@72ppi.png 491w, https:\/\/cclet.org\/wp-content\/uploads\/2021\/10\/ccla-logo-reverse-rgb-491px@72ppi-300x139.png 300w, https:\/\/cclet.org\/wp-content\/uploads\/2021\/10\/ccla-logo-reverse-rgb-491px@72ppi-18x8.png 18w\" sizes=\"auto, (max-width: 491px) 100vw, 491px\" \/>\n          <\/div>\n        <\/div>\n      <\/div>\n    <\/div><h2 style=\"font-size: 25px;color: #ffffff;text-align: left;font-family:Oswald;font-weight:400;font-style:normal\" class=\"vc_custom_heading vc_do_custom_heading\" >NOUVEAU-BRUNSWICK | 15 - 25 NOVEMBRE 2021<\/h2>\n\t\t\t<\/div> \n\t\t<\/div>\n\t<\/div> \n<\/div><\/div>\n\t\t<div id=\"fws_69f319ddb1aa5\"  data-column-margin=\"20px\" data-midnight=\"dark\" data-top-percent=\"6%\" data-bottom-percent=\"2%\"  class=\"wpb_row vc_row-fluid vc_row full-width-section vc_row-o-equal-height vc_row-flex vc_row-o-content-top\"  style=\"padding-top: calc(100vw * 0.06); padding-bottom: calc(100vw * 0.02); \"><div class=\"row-bg-wrap\" data-bg-animation=\"none\" data-bg-animation-delay=\"\" data-bg-overlay=\"false\"><div class=\"inner-wrap row-bg-layer\" ><div class=\"row-bg viewport-desktop\"  style=\"\"><\/div><\/div><\/div><div class=\"row_col_wrap_12 col span_12 dark left\">\n\t<div  class=\"vc_col-sm-6 wpb_column column_container vc_column_container col no-extra-padding inherit_tablet inherit_phone\"  data-padding-pos=\"left-right\" data-has-bg-color=\"false\" data-bg-color=\"\" data-bg-opacity=\"1\" data-animation=\"\" data-delay=\"0\" >\n\t\t<div class=\"vc_column-inner\" >\n\t\t\t<div class=\"wpb_wrapper\">\n\t\t\t\t<h1 style=\"font-size: 45px;color: #2ea9b9;line-height: 1.2;text-align: left;font-family:Montserrat;font-weight:700;font-style:normal\" class=\"vc_custom_heading vc_do_custom_heading\" >BIENVENUE \u00c0 LA<\/h1><h1 style=\"font-size: 45px;color: #2ea9b9;line-height: 1.2;text-align: left;font-family:Montserrat;font-weight:700;font-style:normal\" class=\"vc_custom_heading vc_do_custom_heading\" >NOUVEAU-BRUNSWICK<\/h1><h1 style=\"font-size: 45px;color: #2ea9b9;line-height: 1.2;text-align: left;font-family:Montserrat;font-weight:700;font-style:normal\" class=\"vc_custom_heading vc_do_custom_heading\" >BOROVOY<\/h1><h1 style=\"font-size: 45px;color: #2ea9b9;line-height: 1.2;text-align: left;font-family:Montserrat;font-weight:700;font-style:normal\" class=\"vc_custom_heading vc_do_custom_heading\" >CONF\u00c9RENCE<\/h1><h1 style=\"font-size: 45px;color: #2ea9b9;line-height: 1.2;text-align: left;font-family:Montserrat;font-weight:700;font-style:normal\" class=\"vc_custom_heading vc_do_custom_heading\" >PAGE!<\/h1><div class=\"divider-wrap\" data-alignment=\"default\"><div style=\"margin-top: 25px; width: 20%; height: 5px; margin-bottom: 25px;\" data-width=\"20%\" data-animate=\"yes\" data-animation-delay=\"\" data-color=\"extra-color-1\" class=\"divider-small-border\"><\/div><\/div>\n\t\t\t<\/div> \n\t\t<\/div>\n\t<\/div> \n\n\t<div  class=\"vc_col-sm-6 wpb_column column_container vc_column_container col padding-2-percent inherit_tablet inherit_phone\"  data-border-radius=\"10px\" data-border-animation=\"\" data-border-animation-delay=\"\" data-border-width=\"2px\" data-border-style=\"solid\" data-border-color=\"#efefef\" data-padding-pos=\"all\" data-has-bg-color=\"false\" data-bg-color=\"\" data-bg-opacity=\"1\" data-animation=\"\" data-delay=\"0\" >\n\t\t<div class=\"vc_column-inner\" style=\"border: 2px solid #efefef;\">\n\t\t\t<div class=\"wpb_wrapper\">\n\t\t\t\t<h3 style=\"font-size: 25px;color: #00293b;text-align: center;font-family:Montserrat;font-weight:700;font-style:normal\" class=\"vc_custom_heading vc_do_custom_heading\" >La conf\u00e9rence de Borovoy \u00e0 travers le Canada!<\/h3><p style=\"text-align: center\" class=\"vc_custom_heading vc_do_custom_heading\" >en partenariat avec<\/p><div class=\"img-with-aniamtion-wrap center\" data-max-width=\"100%\" data-max-width-mobile=\"default\" data-shadow=\"none\" data-animation=\"fade-in\" >\n      <div class=\"inner\">\n        <div class=\"hover-wrap\"> \n          <div class=\"hover-wrap-inner\">\n            <img loading=\"lazy\" decoding=\"async\" class=\"img-with-animation skip-lazy\" data-delay=\"0\" height=\"327\" width=\"1000\" data-animation=\"fade-in\" src=\"https:\/\/cclet.org\/wp-content\/uploads\/2021\/10\/TribrandTJXC-Logos-HorizontalStacked-CMYK-ENG-e1633711396835.png\" alt=\"\" srcset=\"https:\/\/cclet.org\/wp-content\/uploads\/2021\/10\/TribrandTJXC-Logos-HorizontalStacked-CMYK-ENG-e1633711396835.png 1000w, https:\/\/cclet.org\/wp-content\/uploads\/2021\/10\/TribrandTJXC-Logos-HorizontalStacked-CMYK-ENG-e1633711396835-300x98.png 300w, https:\/\/cclet.org\/wp-content\/uploads\/2021\/10\/TribrandTJXC-Logos-HorizontalStacked-CMYK-ENG-e1633711396835-768x251.png 768w, https:\/\/cclet.org\/wp-content\/uploads\/2021\/10\/TribrandTJXC-Logos-HorizontalStacked-CMYK-ENG-e1633711396835-18x6.png 18w\" sizes=\"auto, (max-width: 1000px) 100vw, 1000px\" \/>\n          <\/div>\n        <\/div>\n      <\/div>\n    <\/div>\n\t\t\t<\/div> \n\t\t<\/div>\n\t<\/div> \n<\/div><\/div>\n\t\t<div id=\"fws_69f319ddb37e9\"  data-column-margin=\"default\" data-midnight=\"dark\"  class=\"wpb_row vc_row-fluid vc_row\"  style=\"padding-top: 0px; padding-bottom: 0px; \"><div class=\"row-bg-wrap\" data-bg-animation=\"none\" data-bg-animation-delay=\"\" data-bg-overlay=\"false\"><div class=\"inner-wrap row-bg-layer\" ><div class=\"row-bg viewport-desktop\"  style=\"\"><\/div><\/div><\/div><div class=\"row_col_wrap_12 col span_12 dark left\">\n\t<div style=\" color: #444444;\" class=\"vc_col-sm-6 wpb_column column_container vc_column_container col padding-2-percent inherit_tablet inherit_phone\" data-cfc=\"true\"  data-padding-pos=\"top\" data-has-bg-color=\"false\" data-bg-color=\"\" data-bg-opacity=\"1\" data-animation=\"\" data-delay=\"0\" >\n\t\t<div class=\"vc_column-inner\" >\n\t\t\t<div class=\"wpb_wrapper\">\n\t\t\t\t\n<div class=\"wpb_text_column wpb_content_element\" >\n\t<div class=\"wpb_wrapper\">\n\t\t<p>L&#039;Association canadienne des libert\u00e9s civiles et la Fiducie pour l&#039;\u00e9ducation \u00e9duquent les apprenants de tous \u00e2ges sur les droits et libert\u00e9s au Canada depuis plus de 30 ans.<\/p>\n<p>D\u00e9part <strong>15 novembre 2021<\/strong>, les \u00e9tudiants et les enseignants inscrits du Nouveau-Brunswick auront acc\u00e8s \u00e0 une biblioth\u00e8que d&#039;ateliers asynchrones dirig\u00e9s par des experts juridiques et universitaires de l&#039;ACLC, ainsi qu&#039;\u00e0 des activit\u00e9s en classe qui vous aideront \u00e0 apprendre et \u00e0 r\u00e9fl\u00e9chir de mani\u00e8re critique sur les questions de droits actuelles au Canada - Libert\u00e9s fondamentales, justice p\u00e9nale, vie priv\u00e9e , Technologie et surveillance, et Droits \u00e0 l&#039;\u00e9galit\u00e9 - \u00e0 partir de plusieurs perspectives.<\/p>\n<p><strong>Ensuite, le 25 novembre, vous pourrez partager vos questions et commentaires sur nos ressources lors d&#039;une session de questions-r\u00e9ponses virtuelle synchrone (en direct)<\/strong>, o\u00f9 vous aurez la chance de vous engager directement avec le personnel de l&#039;ACLC qui s&#039;efforce d&#039;apporter un changement social positif et de d\u00e9fier les obstacles syst\u00e9miques \u00e0 travers le pays.<\/p>\n\t<\/div>\n<\/div>\n\n\n\n<div class=\"divider-wrap\" data-alignment=\"default\"><div style=\"height: 25px;\" class=\"divider\"><\/div><\/div><h4 style=\"color: #000000;text-align: left\" class=\"vc_custom_heading vc_do_custom_heading\" >Les inscriptions sont d\u00e9sormais closes.<\/h4>\n\t\t\t<\/div> \n\t\t<\/div>\n\t<\/div> \n\n\t<div style=\"\" class=\"vc_col-sm-6 wpb_column column_container vc_column_container col padding-2-percent inherit_tablet inherit_phone\" data-using-bg=\"true\" data-border-radius=\"10px\" data-border-animation=\"\" data-border-animation-delay=\"\" data-border-width=\"2px\" data-border-style=\"solid\" data-border-color=\"#efefef\" data-padding-pos=\"all\" data-has-bg-color=\"true\" data-bg-color=\"#f4f4f4\" data-bg-opacity=\"1\" data-animation=\"\" data-delay=\"0\" >\n\t\t<div class=\"vc_column-inner\" style=\"border: 2px solid #efefef;\"><div class=\"column-bg-overlay-wrap column-bg-layer\" data-bg-animation=\"none\"><div class=\"column-bg-overlay\" style=\"opacity: 1; background-color: #f4f4f4;\"><\/div><\/div>\n\t\t\t<div class=\"wpb_wrapper\">\n\t\t\t\t<h2 style=\"font-size: 40px;color: #2ea9b9;line-height: 1.2;text-align: left;font-family:Montserrat;font-weight:700;font-style:normal\" class=\"vc_custom_heading vc_do_custom_heading\" >HAUT-PARLEURS<\/h2><div class=\"divider-wrap\" data-alignment=\"default\"><div style=\"margin-top: 25px; width: 20%; height: 5px; margin-bottom: 25px;\" data-width=\"20%\" data-animate=\"yes\" data-animation-delay=\"\" data-color=\"extra-color-1\" class=\"divider-small-border\"><\/div><\/div><div id=\"fws_69f319ddb4a14\" data-midnight=\"\" data-column-margin=\"20px\" class=\"wpb_row vc_row-fluid vc_row inner_row\"  style=\"padding-top: 1%; \"><div class=\"row-bg-wrap\"> <div class=\"row-bg\" ><\/div> <\/div><div class=\"row_col_wrap_12_inner col span_12  left\">\n\t<div  class=\"vc_col-sm-3 wpb_column column_container vc_column_container col child_column no-extra-padding inherit_tablet inherit_phone\"   data-padding-pos=\"all\" data-has-bg-color=\"false\" data-bg-color=\"\" data-bg-opacity=\"1\" data-animation=\"\" data-delay=\"0\" >\n\t\t<div class=\"vc_column-inner\" >\n\t\t<div class=\"wpb_wrapper\">\n\t\t\t<div class=\"img-with-aniamtion-wrap\" data-max-width=\"100%\" data-max-width-mobile=\"default\" data-shadow=\"none\" data-animation=\"fade-in\" >\n      <div class=\"inner\">\n        <div class=\"hover-wrap\"> \n          <div class=\"hover-wrap-inner\">\n            <img loading=\"lazy\" decoding=\"async\" class=\"img-with-animation skip-lazy\" data-delay=\"0\" height=\"797\" width=\"797\" data-animation=\"fade-in\" src=\"https:\/\/cclet.org\/wp-content\/uploads\/2021\/10\/cara-zwibel.jpeg\" alt=\"Cara Zwibel\" srcset=\"https:\/\/cclet.org\/wp-content\/uploads\/2021\/10\/cara-zwibel.jpeg 797w, https:\/\/cclet.org\/wp-content\/uploads\/2021\/10\/cara-zwibel-300x300.jpeg 300w, https:\/\/cclet.org\/wp-content\/uploads\/2021\/10\/cara-zwibel-150x150.jpeg 150w, https:\/\/cclet.org\/wp-content\/uploads\/2021\/10\/cara-zwibel-768x768.jpeg 768w, https:\/\/cclet.org\/wp-content\/uploads\/2021\/10\/cara-zwibel-12x12.jpeg 12w, https:\/\/cclet.org\/wp-content\/uploads\/2021\/10\/cara-zwibel-100x100.jpeg 100w, https:\/\/cclet.org\/wp-content\/uploads\/2021\/10\/cara-zwibel-140x140.jpeg 140w, https:\/\/cclet.org\/wp-content\/uploads\/2021\/10\/cara-zwibel-500x500.jpeg 500w, https:\/\/cclet.org\/wp-content\/uploads\/2021\/10\/cara-zwibel-350x350.jpeg 350w\" sizes=\"auto, (max-width: 797px) 100vw, 797px\" \/>\n          <\/div>\n        <\/div>\n      <\/div>\n    <\/div>\n\t\t<\/div> \n\t<\/div>\n\t<\/div> \n\n\t<div style=\" color: #000000;\" class=\"vc_col-sm-9 wpb_column column_container vc_column_container col child_column no-extra-padding inherit_tablet inherit_phone\" data-cfc=\"true\"  data-padding-pos=\"all\" data-has-bg-color=\"false\" data-bg-color=\"\" data-bg-opacity=\"1\" data-animation=\"\" data-delay=\"0\" >\n\t\t<div class=\"vc_column-inner\" >\n\t\t<div class=\"wpb_wrapper\">\n\t\t\t\n<div class=\"wpb_text_column wpb_content_element\" >\n\t<div class=\"wpb_wrapper\">\n\t\t<p><strong>Cara Zwibel,<\/strong><br \/>\nDirecteur du programme des libert\u00e9s fondamentales de l&#039;ACLC<\/p>\n\t<\/div>\n<\/div>\n\n\n\n\n\t\t<\/div> \n\t<\/div>\n\t<\/div> \n<\/div><\/div><div id=\"fws_69f319ddb5cbe\" data-midnight=\"\" data-column-margin=\"20px\" class=\"wpb_row vc_row-fluid vc_row inner_row\"  style=\"padding-top: 1%; \"><div class=\"row-bg-wrap\"> <div class=\"row-bg\" ><\/div> <\/div><div class=\"row_col_wrap_12_inner col span_12  left\">\n\t<div  class=\"vc_col-sm-3 wpb_column column_container vc_column_container col child_column no-extra-padding inherit_tablet inherit_phone\"   data-padding-pos=\"all\" data-has-bg-color=\"false\" data-bg-color=\"\" data-bg-opacity=\"1\" data-animation=\"\" data-delay=\"0\" >\n\t\t<div class=\"vc_column-inner\" >\n\t\t<div class=\"wpb_wrapper\">\n\t\t\t<div class=\"img-with-aniamtion-wrap\" data-max-width=\"100%\" data-max-width-mobile=\"default\" data-shadow=\"none\" data-animation=\"fade-in\" >\n      <div class=\"inner\">\n        <div class=\"hover-wrap\"> \n          <div class=\"hover-wrap-inner\">\n            <img loading=\"lazy\" decoding=\"async\" class=\"img-with-animation skip-lazy\" data-delay=\"0\" height=\"799\" width=\"799\" data-animation=\"fade-in\" src=\"https:\/\/cclet.org\/wp-content\/uploads\/2021\/10\/abby-deshman.jpeg\" alt=\"\" srcset=\"https:\/\/cclet.org\/wp-content\/uploads\/2021\/10\/abby-deshman.jpeg 799w, https:\/\/cclet.org\/wp-content\/uploads\/2021\/10\/abby-deshman-300x300.jpeg 300w, https:\/\/cclet.org\/wp-content\/uploads\/2021\/10\/abby-deshman-150x150.jpeg 150w, https:\/\/cclet.org\/wp-content\/uploads\/2021\/10\/abby-deshman-768x768.jpeg 768w, https:\/\/cclet.org\/wp-content\/uploads\/2021\/10\/abby-deshman-12x12.jpeg 12w, https:\/\/cclet.org\/wp-content\/uploads\/2021\/10\/abby-deshman-100x100.jpeg 100w, https:\/\/cclet.org\/wp-content\/uploads\/2021\/10\/abby-deshman-140x140.jpeg 140w, https:\/\/cclet.org\/wp-content\/uploads\/2021\/10\/abby-deshman-500x500.jpeg 500w, https:\/\/cclet.org\/wp-content\/uploads\/2021\/10\/abby-deshman-350x350.jpeg 350w\" sizes=\"auto, (max-width: 799px) 100vw, 799px\" \/>\n          <\/div>\n        <\/div>\n      <\/div>\n    <\/div>\n\t\t<\/div> \n\t<\/div>\n\t<\/div> \n\n\t<div style=\" color: #000000;\" class=\"vc_col-sm-9 wpb_column column_container vc_column_container col child_column no-extra-padding inherit_tablet inherit_phone\" data-cfc=\"true\"  data-padding-pos=\"all\" data-has-bg-color=\"false\" data-bg-color=\"\" data-bg-opacity=\"1\" data-animation=\"\" data-delay=\"0\" >\n\t\t<div class=\"vc_column-inner\" >\n\t\t<div class=\"wpb_wrapper\">\n\t\t\t\n<div class=\"wpb_text_column wpb_content_element\" >\n\t<div class=\"wpb_wrapper\">\n\t\t<p><strong>Abby Deshman,\u00a0<\/strong><br \/>\nDirecteur de l&#039;ACLC, Programme de justice p\u00e9nale<\/p>\n\t<\/div>\n<\/div>\n\n\n\n\n\t\t<\/div> \n\t<\/div>\n\t<\/div> \n<\/div><\/div><div id=\"fws_69f319ddb6df7\" data-midnight=\"\" data-column-margin=\"20px\" class=\"wpb_row vc_row-fluid vc_row inner_row\"  style=\"padding-top: 1%; \"><div class=\"row-bg-wrap\"> <div class=\"row-bg\" ><\/div> <\/div><div class=\"row_col_wrap_12_inner col span_12  left\">\n\t<div  class=\"vc_col-sm-3 wpb_column column_container vc_column_container col child_column no-extra-padding inherit_tablet inherit_phone\"   data-padding-pos=\"all\" data-has-bg-color=\"false\" data-bg-color=\"\" data-bg-opacity=\"1\" data-animation=\"\" data-delay=\"0\" >\n\t\t<div class=\"vc_column-inner\" >\n\t\t<div class=\"wpb_wrapper\">\n\t\t\t<div class=\"img-with-aniamtion-wrap\" data-max-width=\"100%\" data-max-width-mobile=\"default\" data-shadow=\"none\" data-animation=\"fade-in\" >\n      <div class=\"inner\">\n        <div class=\"hover-wrap\"> \n          <div class=\"hover-wrap-inner\">\n            <img loading=\"lazy\" decoding=\"async\" class=\"img-with-animation skip-lazy\" data-delay=\"0\" height=\"523\" width=\"523\" data-animation=\"fade-in\" src=\"https:\/\/cclet.org\/wp-content\/uploads\/2021\/10\/brenda-mcphail.jpg\" alt=\"\" srcset=\"https:\/\/cclet.org\/wp-content\/uploads\/2021\/10\/brenda-mcphail.jpg 523w, https:\/\/cclet.org\/wp-content\/uploads\/2021\/10\/brenda-mcphail-300x300.jpg 300w, https:\/\/cclet.org\/wp-content\/uploads\/2021\/10\/brenda-mcphail-150x150.jpg 150w, https:\/\/cclet.org\/wp-content\/uploads\/2021\/10\/brenda-mcphail-12x12.jpg 12w, https:\/\/cclet.org\/wp-content\/uploads\/2021\/10\/brenda-mcphail-100x100.jpg 100w, https:\/\/cclet.org\/wp-content\/uploads\/2021\/10\/brenda-mcphail-140x140.jpg 140w, https:\/\/cclet.org\/wp-content\/uploads\/2021\/10\/brenda-mcphail-500x500.jpg 500w, https:\/\/cclet.org\/wp-content\/uploads\/2021\/10\/brenda-mcphail-350x350.jpg 350w\" sizes=\"auto, (max-width: 523px) 100vw, 523px\" \/>\n          <\/div>\n        <\/div>\n      <\/div>\n    <\/div>\n\t\t<\/div> \n\t<\/div>\n\t<\/div> \n\n\t<div style=\" color: #000000;\" class=\"vc_col-sm-9 wpb_column column_container vc_column_container col child_column no-extra-padding inherit_tablet inherit_phone\" data-cfc=\"true\"  data-padding-pos=\"all\" data-has-bg-color=\"false\" data-bg-color=\"\" data-bg-opacity=\"1\" data-animation=\"\" data-delay=\"0\" >\n\t\t<div class=\"vc_column-inner\" >\n\t\t<div class=\"wpb_wrapper\">\n\t\t\t\n<div class=\"wpb_text_column wpb_content_element\" >\n\t<div class=\"wpb_wrapper\">\n\t\t<p><strong>Dr Brenda McPhail,<\/strong><br \/>\nDirecteur de l&#039;ACLC, Confidentialit\u00e9, surveillance et technologie<\/p>\n\t<\/div>\n<\/div>\n\n\n\n\n\t\t<\/div> \n\t<\/div>\n\t<\/div> \n<\/div><\/div><div id=\"fws_69f319ddb7e8b\" data-midnight=\"\" data-column-margin=\"20px\" class=\"wpb_row vc_row-fluid vc_row inner_row\"  style=\"padding-top: 1%; \"><div class=\"row-bg-wrap\"> <div class=\"row-bg\" ><\/div> <\/div><div class=\"row_col_wrap_12_inner col span_12  left\">\n\t<div  class=\"vc_col-sm-3 wpb_column column_container vc_column_container col child_column no-extra-padding inherit_tablet inherit_phone\"   data-padding-pos=\"all\" data-has-bg-color=\"false\" data-bg-color=\"\" data-bg-opacity=\"1\" data-animation=\"\" data-delay=\"0\" >\n\t\t<div class=\"vc_column-inner\" >\n\t\t<div class=\"wpb_wrapper\">\n\t\t\t<div class=\"img-with-aniamtion-wrap\" data-max-width=\"100%\" data-max-width-mobile=\"default\" data-shadow=\"none\" data-animation=\"fade-in\" >\n      <div class=\"inner\">\n        <div class=\"hover-wrap\"> \n          <div class=\"hover-wrap-inner\">\n            <img loading=\"lazy\" decoding=\"async\" class=\"img-with-animation skip-lazy\" data-delay=\"0\" height=\"881\" width=\"881\" data-animation=\"fade-in\" src=\"https:\/\/cclet.org\/wp-content\/uploads\/2021\/10\/noa-mendelsohn-aviv.jpeg\" alt=\"\" srcset=\"https:\/\/cclet.org\/wp-content\/uploads\/2021\/10\/noa-mendelsohn-aviv.jpeg 881w, https:\/\/cclet.org\/wp-content\/uploads\/2021\/10\/noa-mendelsohn-aviv-300x300.jpeg 300w, https:\/\/cclet.org\/wp-content\/uploads\/2021\/10\/noa-mendelsohn-aviv-150x150.jpeg 150w, https:\/\/cclet.org\/wp-content\/uploads\/2021\/10\/noa-mendelsohn-aviv-768x768.jpeg 768w, https:\/\/cclet.org\/wp-content\/uploads\/2021\/10\/noa-mendelsohn-aviv-12x12.jpeg 12w, https:\/\/cclet.org\/wp-content\/uploads\/2021\/10\/noa-mendelsohn-aviv-100x100.jpeg 100w, https:\/\/cclet.org\/wp-content\/uploads\/2021\/10\/noa-mendelsohn-aviv-140x140.jpeg 140w, https:\/\/cclet.org\/wp-content\/uploads\/2021\/10\/noa-mendelsohn-aviv-500x500.jpeg 500w, https:\/\/cclet.org\/wp-content\/uploads\/2021\/10\/noa-mendelsohn-aviv-350x350.jpeg 350w, https:\/\/cclet.org\/wp-content\/uploads\/2021\/10\/noa-mendelsohn-aviv-800x800.jpeg 800w\" sizes=\"auto, (max-width: 881px) 100vw, 881px\" \/>\n          <\/div>\n        <\/div>\n      <\/div>\n    <\/div>\n\t\t<\/div> \n\t<\/div>\n\t<\/div> \n\n\t<div style=\" color: #000000;\" class=\"vc_col-sm-9 wpb_column column_container vc_column_container col child_column no-extra-padding inherit_tablet inherit_phone\" data-cfc=\"true\"  data-padding-pos=\"all\" data-has-bg-color=\"false\" data-bg-color=\"\" data-bg-opacity=\"1\" data-animation=\"\" data-delay=\"0\" >\n\t\t<div class=\"vc_column-inner\" >\n\t\t<div class=\"wpb_wrapper\">\n\t\t\t\n<div class=\"wpb_text_column wpb_content_element\" >\n\t<div class=\"wpb_wrapper\">\n\t\t<p><strong>Noa Mendelsohn Aviv,\u00a0\u00a0<\/strong><br \/>\nDirecteur, Programme d&#039;\u00e9galit\u00e9 de l&#039;ACLC<\/p>\n\t<\/div>\n<\/div>\n\n\n\n\n\t\t<\/div> \n\t<\/div>\n\t<\/div> \n<\/div><\/div><div id=\"fws_69f319ddb92e1\" data-midnight=\"\" data-column-margin=\"20px\" class=\"wpb_row vc_row-fluid vc_row inner_row\"  style=\"padding-top: 1%; \"><div class=\"row-bg-wrap\"> <div class=\"row-bg\" ><\/div> <\/div><div class=\"row_col_wrap_12_inner col span_12  left\">\n\t<div  class=\"vc_col-sm-3 wpb_column column_container vc_column_container col child_column no-extra-padding inherit_tablet inherit_phone\"   data-padding-pos=\"all\" data-has-bg-color=\"false\" data-bg-color=\"\" data-bg-opacity=\"1\" data-animation=\"\" data-delay=\"0\" >\n\t\t<div class=\"vc_column-inner\" >\n\t\t<div class=\"wpb_wrapper\">\n\t\t\t<div class=\"img-with-aniamtion-wrap\" data-max-width=\"100%\" data-max-width-mobile=\"default\" data-shadow=\"none\" data-animation=\"fade-in\" >\n      <div class=\"inner\">\n        <div class=\"hover-wrap\"> \n          <div class=\"hover-wrap-inner\">\n            <img loading=\"lazy\" decoding=\"async\" class=\"img-with-animation skip-lazy\" data-delay=\"0\" height=\"500\" width=\"500\" data-animation=\"fade-in\" src=\"https:\/\/cclet.org\/wp-content\/uploads\/2021\/10\/michael-bryant.jpg\" alt=\"\" srcset=\"https:\/\/cclet.org\/wp-content\/uploads\/2021\/10\/michael-bryant.jpg 500w, https:\/\/cclet.org\/wp-content\/uploads\/2021\/10\/michael-bryant-300x300.jpg 300w, https:\/\/cclet.org\/wp-content\/uploads\/2021\/10\/michael-bryant-150x150.jpg 150w, https:\/\/cclet.org\/wp-content\/uploads\/2021\/10\/michael-bryant-12x12.jpg 12w, https:\/\/cclet.org\/wp-content\/uploads\/2021\/10\/michael-bryant-100x100.jpg 100w, https:\/\/cclet.org\/wp-content\/uploads\/2021\/10\/michael-bryant-140x140.jpg 140w, https:\/\/cclet.org\/wp-content\/uploads\/2021\/10\/michael-bryant-350x350.jpg 350w\" sizes=\"auto, (max-width: 500px) 100vw, 500px\" \/>\n          <\/div>\n        <\/div>\n      <\/div>\n    <\/div>\n\t\t<\/div> \n\t<\/div>\n\t<\/div> \n\n\t<div style=\" color: #000000;\" class=\"vc_col-sm-9 wpb_column column_container vc_column_container col child_column no-extra-padding inherit_tablet inherit_phone\" data-cfc=\"true\"  data-padding-pos=\"all\" data-has-bg-color=\"false\" data-bg-color=\"\" data-bg-opacity=\"1\" data-animation=\"\" data-delay=\"0\" >\n\t\t<div class=\"vc_column-inner\" >\n\t\t<div class=\"wpb_wrapper\">\n\t\t\t\n<div class=\"wpb_text_column wpb_content_element\" >\n\t<div class=\"wpb_wrapper\">\n\t\t<p><strong>Michael Bryant,<\/strong><br \/>\nDirecteur ex\u00e9cutif de l&#039;ACLC<\/p>\n\t<\/div>\n<\/div>\n\n\n\n\n\t\t<\/div> \n\t<\/div>\n\t<\/div> \n<\/div><\/div>\n\t\t\t<\/div> \n\t\t<\/div>\n\t<\/div> \n<\/div><\/div>\n\t\t<div id=\"fws_69f319ddbad56\"  data-column-margin=\"default\" data-midnight=\"light\"  class=\"wpb_row vc_row-fluid vc_row full-width-content vc_row-o-equal-height vc_row-flex vc_row-o-content-top\"  style=\"padding-top: 0px; padding-bottom: 0px; \"><div class=\"row-bg-wrap\" data-bg-animation=\"none\" data-bg-animation-delay=\"\" data-bg-overlay=\"false\"><div class=\"inner-wrap row-bg-layer\" ><div class=\"row-bg viewport-desktop\"  style=\"\"><\/div><\/div><\/div><div class=\"row_col_wrap_12 col span_12 light left\">\n\t<div style=\" color: #ffffff;\" class=\"vc_col-sm-6 wpb_column column_container vc_column_container col padding-6-percent inherit_tablet inherit_phone\" data-cfc=\"true\" data-using-bg=\"true\" data-padding-pos=\"all\" data-has-bg-color=\"true\" data-bg-color=\"#00293b\" data-bg-opacity=\"1\" data-animation=\"\" data-delay=\"0\" >\n\t\t<div class=\"vc_column-inner\" ><div class=\"column-bg-overlay-wrap column-bg-layer\" data-bg-animation=\"none\"><div class=\"column-bg-overlay\" style=\"opacity: 1; background-color: #00293b;\"><\/div><\/div>\n\t\t\t<div class=\"wpb_wrapper\">\n\t\t\t\t<h2 style=\"font-size: 40px;color: #2ea9b9;line-height: 1.2;text-align: left;font-family:Montserrat;font-weight:700;font-style:normal\" class=\"vc_custom_heading vc_do_custom_heading\" >ORDRE DU JOUR<\/h2><div class=\"divider-wrap\" data-alignment=\"default\"><div style=\"margin-top: 25px; width: 20%; height: 5px; margin-bottom: 25px;\" data-width=\"20%\" data-animate=\"yes\" data-animation-delay=\"\" data-color=\"extra-color-1\" class=\"divider-small-border\"><\/div><\/div><h3 style=\"font-size: 32px;color: #fafafa;line-height: 1.2;text-align: left;font-family:Montserrat;font-weight:700;font-style:normal\" class=\"vc_custom_heading vc_do_custom_heading\" >Dates\u00a0:\u00a015 au 25\u00a0novembre\u00a02021<\/h3><div class=\"nectar-hor-list-item\" data-hover-effect=\"none\" data-br=\"0px\" data-font-family=\"p\" data-color=\"accent-color\" data-columns=\"2\" data-column-layout=\"even\"><div class=\"nectar-list-item\" data-icon=\"false\" data-text-align=\"left\">15 NOV<\/div><div class=\"nectar-list-item\" data-text-align=\"left\">Ouverture de la biblioth\u00e8que d&#039;atelier asynchrone<\/div><\/div><div class=\"nectar-hor-list-item\" data-hover-effect=\"none\" data-br=\"0px\" data-font-family=\"p\" data-color=\"accent-color\" data-columns=\"3\" data-column-layout=\"large_last\"><div class=\"nectar-list-item\" data-icon=\"false\" data-text-align=\"left\">18 NOV<\/div><div class=\"nectar-list-item\" data-text-align=\"left\">11h15 \u2013 12h15 (Atlantique)<\/div><div class=\"nectar-list-item\" data-text-align=\"left\">Atelier de pitching virtuel synchrone avec un objectif avec News Decoder (via un webinaire zoom, lien \u00e0 suivre)<\/div><\/div><div class=\"nectar-hor-list-item\" data-hover-effect=\"none\" data-br=\"0px\" data-font-family=\"p\" data-color=\"accent-color\" data-columns=\"3\" data-column-layout=\"large_last\"><div class=\"nectar-list-item\" data-icon=\"false\" data-text-align=\"left\">25 NOV<\/div><div class=\"nectar-list-item\" data-text-align=\"left\">11h15 \u2013 12h15 (Atlantique)<\/div><div class=\"nectar-list-item\" data-text-align=\"left\">S\u00e9ance de questions-r\u00e9ponses virtuelles synchrones avec le personnel de l&#039;ACLC (via zoom webinar, lien \u00e0 suivre)<\/div><\/div>\n\t\t\t<\/div> \n\t\t<\/div>\n\t<\/div> \n\n\t<div style=\"\" class=\"vc_col-sm-6 wpb_column column_container vc_column_container col padding-6-percent inherit_tablet inherit_phone\" data-using-bg=\"true\" data-padding-pos=\"all\" data-has-bg-color=\"true\" data-bg-color=\"#dcf1f4\" data-bg-opacity=\"1\" data-animation=\"\" data-delay=\"0\" >\n\t\t<div class=\"vc_column-inner\" ><div class=\"column-bg-overlay-wrap column-bg-layer\" data-bg-animation=\"none\"><div class=\"column-bg-overlay\" style=\"opacity: 1; background-color: #dcf1f4;\"><\/div><\/div>\n\t\t\t<div class=\"wpb_wrapper\">\n\t\t\t\t<h2 style=\"font-size: 40px;color: #2ea9b9;line-height: 1.2;text-align: left;font-family:Montserrat;font-weight:700;font-style:normal\" class=\"vc_custom_heading vc_do_custom_heading\" >CONTENU BONUS<\/h2><div class=\"divider-wrap\" data-alignment=\"default\"><div style=\"margin-top: 25px; width: 20%; height: 5px; margin-bottom: 25px;\" data-width=\"20%\" data-animate=\"yes\" data-animation-delay=\"\" data-color=\"extra-color-1\" class=\"divider-small-border\"><\/div><\/div><h4 style=\"font-size: 24px;color: #00293b;line-height: 1.2;text-align: left;font-family:Montserrat;font-weight:700;font-style:normal\" class=\"vc_custom_heading vc_do_custom_heading\" >Pitch avec un objectif\u00a0: transformez votre apprentissage en action\u00a0!<\/h4>\n<div class=\"wpb_text_column wpb_content_element\" >\n\t<div class=\"wpb_wrapper\">\n\t\t<p><span data-contrast=\"auto\"><span style=\"color: #333333;\">La narration est une comp\u00e9tence cl\u00e9 dans votre bo\u00eete \u00e0 outils de plaidoyer. Rejoignez un atelier virtuel synchrone avec notre partenaire de conf\u00e9rence<\/span> <span style=\"color: #2ea9b9;\"><strong><a style=\"color: #2ea9b9;\" href=\"https:\/\/news-decoder.com\/\" target=\"_blank\" rel=\"noopener\">D\u00e9codeur d&#039;actualit\u00e9s<\/a><\/strong><\/span><span style=\"color: #333333;\"><span style=\"color: #2ea9b9;\">*<\/span>, o\u00f9 vous d\u00e9couvrirez les principes fondamentaux de la narration \u00e0 l&#039;aide du processus en quatre \u00e9tapes de News Decoder pour cr\u00e9er des pi\u00e8ces m\u00e9diatiques int\u00e9ressantes, engageantes et convaincantes.\u00a0<\/span><\/span><span style=\"color: #333333;\" data-ccp-props=\"{&quot;201341983&quot;:0,&quot;335559739&quot;:160,&quot;335559740&quot;:259}\">\u00a0<\/span><\/p>\n<p><span style=\"color: #333333;\">Vous quitterez l&#039;atelier en meilleur chercheur et meilleur communicateur, des comp\u00e9tences qui vous serviront \u00e0 l&#039;\u00e9cole et au-del\u00e0 en tant que citoyen du monde inform\u00e9 et d\u00e9fenseur du changement.\u00a0\u00a0<\/span><\/p>\n<p><span style=\"color: #333333;\" data-contrast=\"auto\">*<\/span><span style=\"color: #2ea9b9;\"><a style=\"color: #2ea9b9;\" href=\"https:\/\/news-decoder.com\/\" target=\"_blank\" rel=\"noopener\">D\u00e9codeur d&#039;actualit\u00e9s<\/a><\/span><span data-contrast=\"auto\">\u00a0<span style=\"color: #333333;\">est un service d&#039;information mondial et une plate-forme \u00e9ducative qui enseigne aux jeunes du monde entier des comp\u00e9tences en mati\u00e8re de journalisme et d&#039;\u00e9ducation aux m\u00e9dias pour qu&#039;ils s&#039;engagent dans des probl\u00e8mes internationaux<\/span><\/span><span style=\"color: #333333;\" data-ccp-props=\"{&quot;201341983&quot;:0,&quot;335559739&quot;:160,&quot;335559740&quot;:259}\">\u00a0<\/span><\/p>\n\t<\/div>\n<\/div>\n\n\n\n<div id=\"fws_69f319ddbc7df\" data-midnight=\"\" data-column-margin=\"20px\" class=\"wpb_row vc_row-fluid vc_row inner_row\"  style=\"padding-top: 1%; \"><div class=\"row-bg-wrap\"> <div class=\"row-bg\" ><\/div> <\/div><div class=\"row_col_wrap_12_inner col span_12  left\">\n\t<div  class=\"vc_col-sm-3 wpb_column column_container vc_column_container col child_column no-extra-padding inherit_tablet inherit_phone\"   data-padding-pos=\"all\" data-has-bg-color=\"false\" data-bg-color=\"\" data-bg-opacity=\"1\" data-animation=\"\" data-delay=\"0\" >\n\t\t<div class=\"vc_column-inner\" >\n\t\t<div class=\"wpb_wrapper\">\n\t\t\t<div class=\"img-with-aniamtion-wrap\" data-max-width=\"100%\" data-max-width-mobile=\"default\" data-shadow=\"none\" data-animation=\"fade-in\" >\n      <div class=\"inner\">\n        <div class=\"hover-wrap\"> \n          <div class=\"hover-wrap-inner\">\n            <img loading=\"lazy\" decoding=\"async\" class=\"img-with-animation skip-lazy\" data-delay=\"0\" height=\"500\" width=\"500\" data-animation=\"fade-in\" src=\"https:\/\/cclet.org\/wp-content\/uploads\/2021\/10\/maria-krasinski.jpg\" alt=\"\" srcset=\"https:\/\/cclet.org\/wp-content\/uploads\/2021\/10\/maria-krasinski.jpg 500w, https:\/\/cclet.org\/wp-content\/uploads\/2021\/10\/maria-krasinski-300x300.jpg 300w, https:\/\/cclet.org\/wp-content\/uploads\/2021\/10\/maria-krasinski-150x150.jpg 150w, https:\/\/cclet.org\/wp-content\/uploads\/2021\/10\/maria-krasinski-12x12.jpg 12w, https:\/\/cclet.org\/wp-content\/uploads\/2021\/10\/maria-krasinski-100x100.jpg 100w, https:\/\/cclet.org\/wp-content\/uploads\/2021\/10\/maria-krasinski-140x140.jpg 140w, https:\/\/cclet.org\/wp-content\/uploads\/2021\/10\/maria-krasinski-350x350.jpg 350w\" sizes=\"auto, (max-width: 500px) 100vw, 500px\" \/>\n          <\/div>\n        <\/div>\n      <\/div>\n    <\/div>\n\t\t<\/div> \n\t<\/div>\n\t<\/div> \n\n\t<div style=\" color: #000000;\" class=\"vc_col-sm-9 wpb_column column_container vc_column_container col child_column no-extra-padding inherit_tablet inherit_phone\" data-cfc=\"true\"  data-padding-pos=\"all\" data-has-bg-color=\"false\" data-bg-color=\"\" data-bg-opacity=\"1\" data-animation=\"\" data-delay=\"0\" >\n\t\t<div class=\"vc_column-inner\" >\n\t\t<div class=\"wpb_wrapper\">\n\t\t\t\n<div class=\"wpb_text_column wpb_content_element\" >\n\t<div class=\"wpb_wrapper\">\n\t\t<p><strong>Maria Krasinski<\/strong><br \/>\nDirecteur g\u00e9n\u00e9ral, D\u00e9codeur de nouvelles<\/p>\n\t<\/div>\n<\/div>\n\n\n\n\n\t\t<\/div> \n\t<\/div>\n\t<\/div> \n<\/div><\/div>\n\t\t\t<\/div> \n\t\t<\/div>\n\t<\/div> \n<\/div><\/div>\n\t\t<div id=\"fws_69f319ddbdb69\"  data-column-margin=\"default\" data-midnight=\"dark\" data-top-percent=\"4%\" data-bottom-percent=\"2%\"  class=\"wpb_row vc_row-fluid vc_row full-width-section vc_row-o-equal-height vc_row-flex vc_row-o-content-middle\"  style=\"padding-top: calc(100vw * 0.04); padding-bottom: calc(100vw * 0.02); \"><div class=\"row-bg-wrap\" data-bg-animation=\"none\" data-bg-animation-delay=\"\" data-bg-overlay=\"false\"><div class=\"inner-wrap row-bg-layer\" ><div class=\"row-bg viewport-desktop using-bg-color\"  style=\"background-color: #efefef; \"><\/div><\/div><\/div><div class=\"row_col_wrap_12 col span_12 dark left\">\n\t<div  class=\"vc_col-sm-12 wpb_column column_container vc_column_container col no-extra-padding force-tablet-text-align-left force-phone-text-align-left inherit_tablet inherit_phone\"  data-padding-pos=\"all\" data-has-bg-color=\"false\" data-bg-color=\"\" data-bg-opacity=\"1\" data-animation=\"\" data-delay=\"0\" >\n\t\t<div class=\"vc_column-inner\" >\n\t\t\t<div class=\"wpb_wrapper\">\n\t\t\t\t<h2 style=\"font-size: 40px;color: #2ea9b9;line-height: 1.2;text-align: left;font-family:Montserrat;font-weight:700;font-style:normal\" class=\"vc_custom_heading vc_do_custom_heading\" >D\u00c9TAILS DE L&#039;ATELIER<\/h2><div class=\"divider-wrap\" data-alignment=\"default\"><div style=\"margin-top: 25px; width: 20%; height: 5px; margin-bottom: 25px;\" data-width=\"20%\" data-animate=\"yes\" data-animation-delay=\"\" data-color=\"extra-color-1\" class=\"divider-small-border\"><\/div><\/div>\n<div class=\"wpb_text_column wpb_content_element\" >\n\t<div class=\"wpb_wrapper\">\n\t\t<p><em><span class=\"TextRun SCXW160989188 BCX0\" lang=\"EN-CA\" xml:lang=\"EN-CA\" data-contrast=\"none\"><span class=\"NormalTextRun SCXW160989188 BCX0\" data-ccp-parastyle=\"heading 2\">Asynchrone<\/span><span class=\"NormalTextRun SCXW160989188 BCX0\" data-ccp-parastyle=\"heading 2\">\u00a0Ateliers<\/span><\/span><span class=\"EOP SCXW160989188 BCX0\" data-ccp-props=\"{&quot;201341983&quot;:0,&quot;335559738&quot;:40,&quot;335559739&quot;:0,&quot;335559740&quot;:259}\">\u00a0<\/span><\/em><\/p>\n\t<\/div>\n<\/div>\n\n\n\n<div id=\"fws_69f319ddbe68d\" data-midnight=\"\" data-column-margin=\"default\" class=\"wpb_row vc_row-fluid vc_row inner_row\"  style=\"\"><div class=\"row-bg-wrap\"> <div class=\"row-bg\" ><\/div> <\/div><div class=\"row_col_wrap_12_inner col span_12  left\">\n\t<div  class=\"vc_col-sm-6 wpb_column column_container vc_column_container col child_column padding-3-percent inherit_tablet inherit_phone\"   data-border-animation=\"\" data-border-animation-delay=\"\" data-border-width=\"2px\" data-border-style=\"solid\" data-border-color=\"#ffffff\" data-padding-pos=\"all\" data-has-bg-color=\"false\" data-bg-color=\"\" data-bg-opacity=\"1\" data-animation=\"\" data-delay=\"0\" >\n\t\t<div class=\"vc_column-inner\" style=\"border: 2px solid rgba(255,255,255,0); \"><span class=\"border-wrap\" style=\"border-color: #ffffff;\"><span class=\"border-top\"><\/span><span class=\"border-right\"><\/span><span class=\"border-bottom\"><\/span><span class=\"border-left\"><\/span><\/span>\n\t\t<div class=\"wpb_wrapper\">\n\t\t\t<h4 style=\"font-size: 24px;color: #00293b;line-height: 1.2;text-align: left;font-family:Montserrat;font-weight:700;font-style:normal\" class=\"vc_custom_heading vc_do_custom_heading\" >Covid et libert\u00e9s civiles : un d\u00e9bat sain sur la sant\u00e9 publique<\/h4>\n<div class=\"wpb_text_column wpb_content_element\" >\n\t<div class=\"wpb_wrapper\">\n\t\t<p><strong>Cara Zwibel, directrice du programme des libert\u00e9s fondamentales de l&#039;ACLC\u00a0<\/strong><\/p>\n<p><span data-contrast=\"auto\">La pand\u00e9mie a amen\u00e9 les gouvernements \u00e0 prendre des mesures extraordinaires pour tenter de limiter la propagation de la COVID-19 et de maintenir la capacit\u00e9 de notre syst\u00e8me de sant\u00e9. Les droits et libert\u00e9s individuels ont \u00e9t\u00e9 s\u00e9v\u00e8rement restreints, allant de l&#039;obligation de se masquer dans les lieux publics \u00e0 la limitation des d\u00e9placements au Canada, \u00e0 la restriction du nombre de personnes que vous pouvez avoir dans votre maison et \u00e0 la fermeture d&#039;institutions de base comme les \u00e9coles. Quelles limites \u00e0 nos droits sont acceptables dans une crise de sant\u00e9 publique ? Comment tenir les gouvernements responsables de la restriction de ces droits et s&#039;assurer qu&#039;ils n&#039;outrepassent pas ou n&#039;utilisent pas l&#039;urgence pour \u00e9tendre leurs propres pouvoirs ?\u00a0<\/span><span data-ccp-props=\"{&quot;201341983&quot;:0,&quot;335559739&quot;:160,&quot;335559740&quot;:259}\">\u00a0<\/span><\/p>\n\t<\/div>\n<\/div>\n\n\n\n\n\t\t<\/div> \n\t<\/div>\n\t<\/div> \n\n\t<div  class=\"vc_col-sm-6 wpb_column column_container vc_column_container col child_column padding-3-percent inherit_tablet inherit_phone\"   data-border-animation=\"\" data-border-animation-delay=\"\" data-border-width=\"2px\" data-border-style=\"solid\" data-border-color=\"#ffffff\" data-padding-pos=\"all\" data-has-bg-color=\"false\" data-bg-color=\"\" data-bg-opacity=\"1\" data-animation=\"\" data-delay=\"0\" >\n\t\t<div class=\"vc_column-inner\" style=\"border: 2px solid rgba(255,255,255,0); \"><span class=\"border-wrap\" style=\"border-color: #ffffff;\"><span class=\"border-top\"><\/span><span class=\"border-right\"><\/span><span class=\"border-bottom\"><\/span><span class=\"border-left\"><\/span><\/span>\n\t\t<div class=\"wpb_wrapper\">\n\t\t\t<h4 style=\"font-size: 24px;color: #00293b;line-height: 1.2;text-align: left;font-family:Montserrat;font-weight:700;font-style:normal\" class=\"vc_custom_heading vc_do_custom_heading\" >La caution et la porte tournante de la d\u00e9tention provisoire<\/h4>\n<div class=\"wpb_text_column wpb_content_element\" >\n\t<div class=\"wpb_wrapper\">\n\t\t<p><strong>Abby Deshman, directrice du programme de justice p\u00e9nale de l&#039;ACLC\u00a0<\/strong><\/p>\n<p><span data-contrast=\"auto\">Caution et d\u00e9tention provisoire : La constitution canadienne garantit la pr\u00e9somption d&#039;innocence, le droit \u00e0 un proc\u00e8s \u00e9quitable et le droit d&#039;\u00eatre lib\u00e9r\u00e9 sous caution raisonnable. Cependant, en moyenne par jour en 2018\/19, il y avait environ 23\u00a0500 adultes d\u00e9tenus dans nos prisons provinciales et territoriales et pr\u00e8s des deux tiers (63%) d&#039;entre eux \u00e9taient l\u00e9galement innocents \u2013 accus\u00e9s d&#039;un crime et attendant leur proc\u00e8s ou leur lib\u00e9ration sous caution. Bien que les taux de criminalit\u00e9 au Canada aient g\u00e9n\u00e9ralement baiss\u00e9 au cours des trois derni\u00e8res d\u00e9cennies, le taux de d\u00e9tention provisoire a augment\u00e9 de fa\u00e7on spectaculaire. Cette session explorera les causes et les impacts de cette tendance \u00e0 la fois pour les personnes d\u00e9tenues derri\u00e8re les barreaux, ainsi que pour le syst\u00e8me de justice p\u00e9nale dans son ensemble.<\/span><span data-ccp-props=\"{&quot;201341983&quot;:0,&quot;335559739&quot;:160,&quot;335559740&quot;:259}\">\u00a0<\/span><\/p>\n\t<\/div>\n<\/div>\n\n\n\n\n\t\t<\/div> \n\t<\/div>\n\t<\/div> \n<\/div><\/div><div id=\"fws_69f319ddbf68f\" data-midnight=\"\" data-column-margin=\"default\" class=\"wpb_row vc_row-fluid vc_row inner_row\"  style=\"\"><div class=\"row-bg-wrap\"> <div class=\"row-bg\" ><\/div> <\/div><div class=\"row_col_wrap_12_inner col span_12  left\">\n\t<div  class=\"vc_col-sm-6 wpb_column column_container vc_column_container col child_column padding-3-percent inherit_tablet inherit_phone\"   data-border-animation=\"\" data-border-animation-delay=\"\" data-border-width=\"2px\" data-border-style=\"solid\" data-border-color=\"#ffffff\" data-padding-pos=\"all\" data-has-bg-color=\"false\" data-bg-color=\"\" data-bg-opacity=\"1\" data-animation=\"\" data-delay=\"0\" >\n\t\t<div class=\"vc_column-inner\" style=\"border: 2px solid rgba(255,255,255,0); \"><span class=\"border-wrap\" style=\"border-color: #ffffff;\"><span class=\"border-top\"><\/span><span class=\"border-right\"><\/span><span class=\"border-bottom\"><\/span><span class=\"border-left\"><\/span><\/span>\n\t\t<div class=\"wpb_wrapper\">\n\t\t\t<h4 style=\"font-size: 24px;color: #00293b;line-height: 1.2;text-align: left;font-family:Montserrat;font-weight:700;font-style:normal\" class=\"vc_custom_heading vc_do_custom_heading\" >Un \u0153il sur l&#039;IA<\/h4>\n<div class=\"wpb_text_column wpb_content_element\" >\n\t<div class=\"wpb_wrapper\">\n\t\t<p><strong>Dr Brenda McPhail, directrice du programme de protection de la vie priv\u00e9e, de surveillance et de technologie de l&#039;ACLC\u00a0<\/strong><\/p>\n<p><span data-contrast=\"auto\">L&#039;ACLC a collabor\u00e9 avec une \u00e9quipe d&#039;\u00e9crivains et d&#039;illustrateurs b\u00e9n\u00e9voles pour cr\u00e9er une s\u00e9rie de courtes vid\u00e9os anim\u00e9es sur l&#039;intelligence artificielle\u00a0: qu&#039;est-ce que c&#039;est, quels types de technologies l&#039;utilisent et comment cela affecte-t-il votre vie priv\u00e9e, votre libert\u00e9 d&#039;expression, votre libert\u00e9 de r\u00e9union et votre \u00e9galit\u00e9. droits?\u00a0<\/span><span data-ccp-props=\"{&quot;201341983&quot;:0,&quot;335559739&quot;:160,&quot;335559740&quot;:259}\">\u00a0<\/span><\/p>\n<p><span data-contrast=\"auto\">La session comprendra des commentaires d&#039;introduction sur les vid\u00e9os et une s\u00e9rie de questions de discussion pour aider \u00e0 explorer les fa\u00e7ons dont les donn\u00e9es nous concernant sont de plus en plus collect\u00e9es et utilis\u00e9es sans que nous comprenions pleinement o\u00f9 et quand cela se passe, et ce que cela signifie pour nous, ainsi que quelques suggestions des moyens de reprendre le contr\u00f4le, de limiter le r\u00e9gime de la panoplie de technologies avides d&#039;informations nous concernant.<\/span><span data-ccp-props=\"{&quot;201341983&quot;:0,&quot;335559739&quot;:160,&quot;335559740&quot;:259}\">\u00a0<\/span><\/p>\n<p><span data-contrast=\"auto\">Les vid\u00e9os anim\u00e9es incluent\u00a0:<\/span><span data-ccp-props=\"{&quot;201341983&quot;:0,&quot;335559739&quot;:160,&quot;335559740&quot;:259}\">\u00a0<\/span><\/p>\n<ol>\n<li data-leveltext=\"%1)\" data-font=\"\" data-listid=\"5\" aria-setsize=\"-1\" data-aria-posinset=\"1\" data-aria-level=\"1\"><span data-contrast=\"auto\">Mettre fin aux mythes de l&#039;IA<\/span><span data-ccp-props=\"{&quot;201341983&quot;:0,&quot;335559739&quot;:0,&quot;335559740&quot;:240}\">\u00a0<\/span><\/li>\n<li data-leveltext=\"%1)\" data-font=\"\" data-listid=\"5\" aria-setsize=\"-1\" data-aria-posinset=\"1\" data-aria-level=\"1\"><span data-contrast=\"auto\">\u00cates-vous recherch\u00e9 ?<\/span><span data-ccp-props=\"{&quot;201341983&quot;:0,&quot;335559739&quot;:0,&quot;335559740&quot;:240}\">\u00a0<\/span><\/li>\n<li data-leveltext=\"%1)\" data-font=\"\" data-listid=\"5\" aria-setsize=\"-1\" data-aria-posinset=\"1\" data-aria-level=\"1\"><span data-contrast=\"auto\">Comment les machines apprennent-elles ?\u00a0<\/span><span data-ccp-props=\"{&quot;201341983&quot;:0,&quot;335559739&quot;:0,&quot;335559740&quot;:240}\">\u00a0<\/span><\/li>\n<li data-leveltext=\"%1)\" data-font=\"\" data-listid=\"5\" aria-setsize=\"-1\" data-aria-posinset=\"1\" data-aria-level=\"1\"><span data-contrast=\"auto\">Votre sonnette est-elle raciste ?<\/span><span data-ccp-props=\"{&quot;201341983&quot;:0,&quot;335559739&quot;:0,&quot;335559740&quot;:240}\">\u00a0<\/span><\/li>\n<li data-leveltext=\"%1)\" data-font=\"\" data-listid=\"5\" aria-setsize=\"-1\" data-aria-posinset=\"1\" data-aria-level=\"1\"><span data-contrast=\"auto\">Votre grille-pain est le maillon faible ! \u2013 activit\u00e9 d&#039;extension\u2026 ne fait pas partie du discours mais une partie facultative de la le\u00e7on<\/span><span data-ccp-props=\"{&quot;201341983&quot;:0,&quot;335559739&quot;:0,&quot;335559740&quot;:240}\">\u00a0<\/span><\/li>\n<li data-leveltext=\"%1)\" data-font=\"\" data-listid=\"5\" aria-setsize=\"-1\" data-aria-posinset=\"1\" data-aria-level=\"1\"><span data-contrast=\"auto\">\u00catre plus intelligent dans l&#039;utilisation de votre smartphone<\/span><span data-ccp-props=\"{&quot;201341983&quot;:0,&quot;335559739&quot;:0,&quot;335559740&quot;:240}\">\u00a0<\/span><\/li>\n<\/ol>\n\t<\/div>\n<\/div>\n\n\n\n\n\t\t<\/div> \n\t<\/div>\n\t<\/div> \n\n\t<div  class=\"vc_col-sm-6 wpb_column column_container vc_column_container col child_column padding-3-percent inherit_tablet inherit_phone\"   data-border-animation=\"\" data-border-animation-delay=\"\" data-border-width=\"2px\" data-border-style=\"solid\" data-border-color=\"#ffffff\" data-padding-pos=\"all\" data-has-bg-color=\"false\" data-bg-color=\"\" data-bg-opacity=\"1\" data-animation=\"\" data-delay=\"0\" >\n\t\t<div class=\"vc_column-inner\" style=\"border: 2px solid rgba(255,255,255,0); \"><span class=\"border-wrap\" style=\"border-color: #ffffff;\"><span class=\"border-top\"><\/span><span class=\"border-right\"><\/span><span class=\"border-bottom\"><\/span><span class=\"border-left\"><\/span><\/span>\n\t\t<div class=\"wpb_wrapper\">\n\t\t\t<h4 style=\"font-size: 24px;color: #00293b;line-height: 1.2;text-align: left;font-family:Montserrat;font-weight:700;font-style:normal\" class=\"vc_custom_heading vc_do_custom_heading\" >La cerise sur le g\u00e2teau : Penser de mani\u00e8re critique aux droits \u00e0 l&#039;\u00e9galit\u00e9.<\/h4>\n<div class=\"wpb_text_column wpb_content_element\" >\n\t<div class=\"wpb_wrapper\">\n\t\t<p><strong>Noa Mendelsohn Aviv, directrice du programme d&#039;\u00e9galit\u00e9 de l&#039;ACLC\u00a0<\/strong><\/p>\n<p><span data-contrast=\"auto\">Une boulangerie refuse de faire un g\u00e2teau de mariage pour un mariage homosexuel. Un m\u00e9decin refuse de parler \u00e0 sa patiente de la contraception. Et un h\u00f4tel refuse d&#039;accueillir une conf\u00e9rence anti-LGBTQ+. Nous vivons dans une soci\u00e9t\u00e9 qui interdit la discrimination sur nos lieux de travail et dans nos magasins. Mais que se passe-t-il si les refus sont fond\u00e9s sur un syst\u00e8me de croyances religieuses ou id\u00e9ologiques. Qu&#039;entendons-nous par \u00e9galit\u00e9 et libert\u00e9 de religion, et pourquoi sont-elles importantes ? Comment r\u00e9soudre les conflits entre le droit \u00e0 l&#039;\u00e9galit\u00e9 et les droits des individus \u00e0 leurs propres croyances ?<\/span><span data-ccp-props=\"{&quot;201341983&quot;:0,&quot;335559739&quot;:160,&quot;335559740&quot;:259}\">\u00a0<\/span><\/p>\n\t<\/div>\n<\/div>\n\n\n\n\n\t\t<\/div> \n\t<\/div>\n\t<\/div> \n<\/div><\/div>\n<div class=\"wpb_text_column wpb_content_element\" >\n\t<div class=\"wpb_wrapper\">\n\t\t<p><em>S<span class=\"TextRun SCXW122905332 BCX0\" lang=\"EN-CA\" xml:lang=\"EN-CA\" data-contrast=\"none\"><span class=\"NormalTextRun SCXW122905332 BCX0\" data-ccp-parastyle=\"heading 2\">synchrone<\/span><span class=\"NormalTextRun SCXW122905332 BCX0\" data-ccp-parastyle=\"heading 2\">\u00a0Ateliers<\/span><\/span><span class=\"EOP SCXW122905332 BCX0\" data-ccp-props=\"{&quot;201341983&quot;:0,&quot;335559738&quot;:40,&quot;335559739&quot;:0,&quot;335559740&quot;:259}\">\u00a0<\/span><\/em><\/p>\n\t<\/div>\n<\/div>\n\n\n\n<div id=\"fws_69f319ddc0785\" data-midnight=\"\" data-column-margin=\"default\" class=\"wpb_row vc_row-fluid vc_row inner_row\"  style=\"\"><div class=\"row-bg-wrap\"> <div class=\"row-bg\" ><\/div> <\/div><div class=\"row_col_wrap_12_inner col span_12  left\">\n\t<div  class=\"vc_col-sm-6 wpb_column column_container vc_column_container col child_column padding-3-percent inherit_tablet inherit_phone\"   data-border-animation=\"\" data-border-animation-delay=\"\" data-border-width=\"2px\" data-border-style=\"solid\" data-border-color=\"#ffffff\" data-padding-pos=\"all\" data-has-bg-color=\"false\" data-bg-color=\"\" data-bg-opacity=\"1\" data-animation=\"\" data-delay=\"0\" >\n\t\t<div class=\"vc_column-inner\" style=\"border: 2px solid rgba(255,255,255,0); \"><span class=\"border-wrap\" style=\"border-color: #ffffff;\"><span class=\"border-top\"><\/span><span class=\"border-right\"><\/span><span class=\"border-bottom\"><\/span><span class=\"border-left\"><\/span><\/span>\n\t\t<div class=\"wpb_wrapper\">\n\t\t\t<h4 style=\"font-size: 24px;color: #00293b;line-height: 1.2;text-align: left;font-family:Montserrat;font-weight:700;font-style:normal\" class=\"vc_custom_heading vc_do_custom_heading\" >Pitching with Purpose\u00a0: l&#039;art et la science de la narration<\/h4>\n<div class=\"wpb_text_column wpb_content_element\" >\n\t<div class=\"wpb_wrapper\">\n\t\t<p><span data-contrast=\"auto\">Vous \u00eates \u00e9tudiant et vous avez quelque chose \u00e0 dire ? Souhaitez-vous engager un public mondial avec des questions qui vous tiennent \u00e0 c\u0153ur\u00a0? Voulez-vous voir votre histoire publi\u00e9e? La narration est une comp\u00e9tence cl\u00e9 dans votre bo\u00eete \u00e0 outils de plaidoyer. Cet atelier interactif pr\u00e9sentera les principes fondamentaux de la narration en utilisant le processus en quatre \u00e9tapes de News Decoder pour cr\u00e9er des pi\u00e8ces m\u00e9diatiques int\u00e9ressantes, engageantes et convaincantes.<\/span><span data-ccp-props=\"{&quot;201341983&quot;:0,&quot;335559739&quot;:160,&quot;335559740&quot;:259}\">\u00a0<\/span><\/p>\n<ul>\n<li><span data-contrast=\"auto\">Pitch : Comment cr\u00e9er un pitch original qui convaincra un \u00e9diteur\u00a0<\/span><span data-ccp-props=\"{&quot;201341983&quot;:0,&quot;335559739&quot;:0,&quot;335559740&quot;:240}\">\u00a0<\/span><\/li>\n<li><span data-contrast=\"auto\">Rapport\u00a0: Comment trouver des sources primaires, \u00e9liminer les pr\u00e9jug\u00e9s et mener des entretiens qui produisent du mat\u00e9riel distinctif\u00a0<\/span><span data-ccp-props=\"{&quot;201341983&quot;:0,&quot;335559739&quot;:0,&quot;335559740&quot;:240}\">\u00a0<\/span><\/li>\n<li><span data-contrast=\"auto\">Draft\u00a0:\u00a0Comment construire votre histoire pour que chaque mot et chaque image ait un impact<\/span><span data-ccp-props=\"{&quot;201341983&quot;:0,&quot;335559739&quot;:0,&quot;335559740&quot;:240}\">\u00a0<\/span><\/li>\n<li><span data-contrast=\"auto\">R\u00e9viser\u00a0: comment affiner votre histoire pour \u00eatre pr\u00eat \u00e0 \u00eatre publi\u00e9\u00a0<\/span><span data-ccp-props=\"{&quot;201341983&quot;:0,&quot;335559739&quot;:0,&quot;335559740&quot;:240}\">\u00a0<\/span><\/li>\n<\/ul>\n<p><span data-contrast=\"auto\">Vous quitterez l&#039;atelier en meilleur chercheur et meilleur communicateur, des comp\u00e9tences qui vous serviront \u00e0 l&#039;\u00e9cole et au-del\u00e0 en tant que citoyen du monde inform\u00e9 et d\u00e9fenseur du changement.<\/span><span data-ccp-props=\"{&quot;201341983&quot;:0,&quot;335559739&quot;:160,&quot;335559740&quot;:259}\">\u00a0<\/span><\/p>\n<p><span data-contrast=\"auto\"><a href=\"https:\/\/news-decoder.com\/\" target=\"_blank\" rel=\"noopener\">D\u00e9codeur d&#039;actualit\u00e9s<\/a> est un service d&#039;information mondial et une plate-forme \u00e9ducative qui enseigne aux jeunes du monde entier des comp\u00e9tences en mati\u00e8re de journalisme et d&#039;\u00e9ducation aux m\u00e9dias pour qu&#039;ils s&#039;engagent dans des probl\u00e8mes internationaux. En savoir plus sur\u00a0<\/span><a href=\"https:\/\/news-decoder.com\/\" target=\"_blank\" rel=\"noopener\"><span data-contrast=\"none\">www.news-decoder.com<\/span><\/a><span data-contrast=\"auto\">.<\/span><span data-ccp-props=\"{&quot;201341983&quot;:0,&quot;335559739&quot;:160,&quot;335559740&quot;:259}\">\u00a0<\/span><\/p>\n\t<\/div>\n<\/div>\n\n\n\n\n\t\t<\/div> \n\t<\/div>\n\t<\/div> \n<\/div><\/div>\n\t\t\t<\/div> \n\t\t<\/div>\n\t<\/div> \n<\/div><\/div>","protected":false},"excerpt":{"rendered":"NOUVEAU-BRUNSWICK | DU 15 AU 25 NOVEMBRE 2021 BIENVENUE \u00c0 LA NOUVELLE PAGE DE LA CONF\u00c9RENCE BRUNSWICKBOROVOY\u00a0! La conf\u00e9rence Borovoy \u00e0 travers le Canada! en partenariat avec l&#039;Association canadienne des libert\u00e9s civiles et Education Trust a \u00e9t\u00e9...","protected":false},"author":1,"featured_media":0,"parent":0,"menu_order":0,"comment_status":"closed","ping_status":"closed","template":"","meta":{"footnotes":""},"class_list":["post-1397","page","type-page","status-publish"],"yoast_head":"<!-- This site is optimized with the Yoast SEO plugin v25.8 - https:\/\/yoast.com\/wordpress\/plugins\/seo\/ -->\n<title>New Brunswick Borovoy Conference - Canadian Civil Liberties Education Trust<\/title>\n<meta name=\"robots\" content=\"index, follow, max-snippet:-1, max-image-preview:large, max-video-preview:-1\" \/>\n<link rel=\"canonical\" href=\"https:\/\/cclet.org\/fr\/rightsroadshow-nb\/\" \/>\n<meta property=\"og:locale\" content=\"fr_CA\" \/>\n<meta property=\"og:type\" content=\"article\" \/>\n<meta property=\"og:title\" content=\"New Brunswick Borovoy Conference - Canadian Civil Liberties Education Trust\" \/>\n<meta property=\"og:url\" content=\"https:\/\/cclet.org\/fr\/rightsroadshow-nb\/\" \/>\n<meta property=\"og:site_name\" content=\"Canadian Civil Liberties Education Trust\" \/>\n<meta property=\"article:modified_time\" content=\"2021-11-08T22:05:04+00:00\" \/>\n<meta name=\"twitter:card\" content=\"summary_large_image\" \/>\n<meta name=\"twitter:label1\" content=\"Estimation du temps de lecture\" \/>\n\t<meta name=\"twitter:data1\" content=\"11 minutes\" \/>\n<script type=\"application\/ld+json\" class=\"yoast-schema-graph\">{\"@context\":\"https:\/\/schema.org\",\"@graph\":[{\"@type\":\"WebPage\",\"@id\":\"https:\/\/cclet.org\/rightsroadshow-nb\/\",\"url\":\"https:\/\/cclet.org\/rightsroadshow-nb\/\",\"name\":\"New Brunswick Borovoy Conference - Canadian Civil Liberties Education Trust\",\"isPartOf\":{\"@id\":\"https:\/\/cclet.org\/#website\"},\"datePublished\":\"2021-10-12T16:55:26+00:00\",\"dateModified\":\"2021-11-08T22:05:04+00:00\",\"breadcrumb\":{\"@id\":\"https:\/\/cclet.org\/rightsroadshow-nb\/#breadcrumb\"},\"inLanguage\":\"fr-CA\",\"potentialAction\":[{\"@type\":\"ReadAction\",\"target\":[\"https:\/\/cclet.org\/rightsroadshow-nb\/\"]}]},{\"@type\":\"BreadcrumbList\",\"@id\":\"https:\/\/cclet.org\/rightsroadshow-nb\/#breadcrumb\",\"itemListElement\":[{\"@type\":\"ListItem\",\"position\":1,\"name\":\"Home\",\"item\":\"https:\/\/cclet.org\/\"},{\"@type\":\"ListItem\",\"position\":2,\"name\":\"New Brunswick Borovoy Conference\"}]},{\"@type\":\"WebSite\",\"@id\":\"https:\/\/cclet.org\/#website\",\"url\":\"https:\/\/cclet.org\/\",\"name\":\"Canadian Civil Liberties Education Trust\",\"description\":\"CCLET is a non-profit research and public educational organization created by the CCLA.\",\"potentialAction\":[{\"@type\":\"SearchAction\",\"target\":{\"@type\":\"EntryPoint\",\"urlTemplate\":\"https:\/\/cclet.org\/?s={search_term_string}\"},\"query-input\":{\"@type\":\"PropertyValueSpecification\",\"valueRequired\":true,\"valueName\":\"search_term_string\"}}],\"inLanguage\":\"fr-CA\"}]}<\/script>\n<!-- \/ Yoast SEO plugin. -->","yoast_head_json":{"title":"New Brunswick Borovoy Conference - Canadian Civil Liberties Education Trust","robots":{"index":"index","follow":"follow","max-snippet":"max-snippet:-1","max-image-preview":"max-image-preview:large","max-video-preview":"max-video-preview:-1"},"canonical":"https:\/\/cclet.org\/fr\/rightsroadshow-nb\/","og_locale":"fr_CA","og_type":"article","og_title":"New Brunswick Borovoy Conference - Canadian Civil Liberties Education Trust","og_url":"https:\/\/cclet.org\/fr\/rightsroadshow-nb\/","og_site_name":"Canadian Civil Liberties Education Trust","article_modified_time":"2021-11-08T22:05:04+00:00","twitter_card":"summary_large_image","twitter_misc":{"Estimation du temps de lecture":"11 minutes"},"schema":{"@context":"https:\/\/schema.org","@graph":[{"@type":"WebPage","@id":"https:\/\/cclet.org\/rightsroadshow-nb\/","url":"https:\/\/cclet.org\/rightsroadshow-nb\/","name":"New Brunswick Borovoy Conference - Canadian Civil Liberties Education Trust","isPartOf":{"@id":"https:\/\/cclet.org\/#website"},"datePublished":"2021-10-12T16:55:26+00:00","dateModified":"2021-11-08T22:05:04+00:00","breadcrumb":{"@id":"https:\/\/cclet.org\/rightsroadshow-nb\/#breadcrumb"},"inLanguage":"fr-CA","potentialAction":[{"@type":"ReadAction","target":["https:\/\/cclet.org\/rightsroadshow-nb\/"]}]},{"@type":"BreadcrumbList","@id":"https:\/\/cclet.org\/rightsroadshow-nb\/#breadcrumb","itemListElement":[{"@type":"ListItem","position":1,"name":"Home","item":"https:\/\/cclet.org\/"},{"@type":"ListItem","position":2,"name":"New Brunswick Borovoy Conference"}]},{"@type":"WebSite","@id":"https:\/\/cclet.org\/#website","url":"https:\/\/cclet.org\/","name":"Canadian Civil Liberties Education Trust","description":"CCLET is a non-profit research and public educational organization created by the CCLA.","potentialAction":[{"@type":"SearchAction","target":{"@type":"EntryPoint","urlTemplate":"https:\/\/cclet.org\/?s={search_term_string}"},"query-input":{"@type":"PropertyValueSpecification","valueRequired":true,"valueName":"search_term_string"}}],"inLanguage":"fr-CA"}]}},"_links":{"self":[{"href":"https:\/\/cclet.org\/fr\/wp-json\/wp\/v2\/pages\/1397","targetHints":{"allow":["GET"]}}],"collection":[{"href":"https:\/\/cclet.org\/fr\/wp-json\/wp\/v2\/pages"}],"about":[{"href":"https:\/\/cclet.org\/fr\/wp-json\/wp\/v2\/types\/page"}],"author":[{"embeddable":true,"href":"https:\/\/cclet.org\/fr\/wp-json\/wp\/v2\/users\/1"}],"replies":[{"embeddable":true,"href":"https:\/\/cclet.org\/fr\/wp-json\/wp\/v2\/comments?post=1397"}],"version-history":[{"count":39,"href":"https:\/\/cclet.org\/fr\/wp-json\/wp\/v2\/pages\/1397\/revisions"}],"predecessor-version":[{"id":1554,"href":"https:\/\/cclet.org\/fr\/wp-json\/wp\/v2\/pages\/1397\/revisions\/1554"}],"wp:attachment":[{"href":"https:\/\/cclet.org\/fr\/wp-json\/wp\/v2\/media?parent=1397"}],"curies":[{"name":"wp","href":"https:\/\/api.w.org\/{rel}","templated":true}]}}